{"id":1016,"date":"2020-04-02T14:43:13","date_gmt":"2020-04-02T13:43:13","guid":{"rendered":"http:\/\/gtf.hr\/?page_id=1016"},"modified":"2023-05-29T09:22:25","modified_gmt":"2023-05-29T08:22:25","slug":"nasa-vizija","status":"publish","type":"page","link":"https:\/\/gtf.hr\/en\/nasa-vizija\/","title":{"rendered":"Our vision"},"content":{"rendered":"\t\t<div data-elementor-type=\"wp-page\" data-elementor-id=\"1016\" class=\"elementor elementor-1016\" data-elementor-post-type=\"page\">\n\t\t\t\t\t\t<section class=\"elementor-section elementor-top-section elementor-element elementor-element-60e074e elementor-section-full_width elementor-section-height-min-height elementor-section-height-default elementor-section-items-middle\" data-id=\"60e074e\" data-element_type=\"section\" data-e-type=\"section\" data-settings=\"{&quot;background_background&quot;:&quot;classic&quot;,&quot;background_motion_fx_opacity_effect&quot;:&quot;yes&quot;,&quot;background_motion_fx_opacity_range&quot;:{&quot;unit&quot;:&quot;%&quot;,&quot;size&quot;:&quot;&quot;,&quot;sizes&quot;:{&quot;start&quot;:&quot;51&quot;,&quot;end&quot;:&quot;76&quot;}},&quot;background_motion_fx_motion_fx_scrolling&quot;:&quot;yes&quot;,&quot;background_motion_fx_opacity_direction&quot;:&quot;in-out&quot;,&quot;background_motion_fx_opacity_level&quot;:{&quot;unit&quot;:&quot;px&quot;,&quot;size&quot;:10,&quot;sizes&quot;:[]},&quot;background_motion_fx_devices&quot;:[&quot;desktop&quot;,&quot;tablet&quot;,&quot;mobile&quot;]}\">\n\t\t\t\t\t\t\t<div class=\"elementor-background-overlay\"><\/div>\n\t\t\t\t\t\t\t<div class=\"elementor-container elementor-column-gap-default\">\n\t\t\t\t\t<div class=\"elementor-column elementor-col-100 elementor-top-column elementor-element elementor-element-d3d79de\" data-id=\"d3d79de\" data-element_type=\"column\" data-e-type=\"column\">\n\t\t\t<div class=\"elementor-widget-wrap elementor-element-populated\">\n\t\t\t\t\t\t<div class=\"elementor-element elementor-element-925f8e4 elementor-widget elementor-widget-heading\" data-id=\"925f8e4\" data-element_type=\"widget\" data-e-type=\"widget\" data-widget_type=\"heading.default\">\n\t\t\t\t<div class=\"elementor-widget-container\">\n\t\t\t\t\t<h1 class=\"elementor-heading-title elementor-size-default\">Na\u0161a vizija<\/h1>\t\t\t\t<\/div>\n\t\t\t\t<\/div>\n\t\t\t\t\t<\/div>\n\t\t<\/div>\n\t\t\t\t\t<\/div>\n\t\t<\/section>\n\t\t\t\t<section class=\"elementor-section elementor-top-section elementor-element elementor-element-2cb37e94 elementor-section-content-middle elementor-section-boxed elementor-section-height-default elementor-section-height-default\" data-id=\"2cb37e94\" data-element_type=\"section\" data-e-type=\"section\">\n\t\t\t\t\t\t<div class=\"elementor-container elementor-column-gap-no\">\n\t\t\t\t\t<div class=\"elementor-column elementor-col-100 elementor-top-column elementor-element elementor-element-6eb554a9\" data-id=\"6eb554a9\" data-element_type=\"column\" data-e-type=\"column\">\n\t\t\t<div class=\"elementor-widget-wrap elementor-element-populated\">\n\t\t\t\t\t\t<section class=\"elementor-section elementor-inner-section elementor-element elementor-element-49aada83 elementor-section-boxed elementor-section-height-default elementor-section-height-default\" data-id=\"49aada83\" data-element_type=\"section\" data-e-type=\"section\">\n\t\t\t\t\t\t<div class=\"elementor-container elementor-column-gap-extended\">\n\t\t\t\t\t<div class=\"elementor-column elementor-col-50 elementor-inner-column elementor-element elementor-element-797c197c\" data-id=\"797c197c\" data-element_type=\"column\" data-e-type=\"column\">\n\t\t\t<div class=\"elementor-widget-wrap elementor-element-populated\">\n\t\t\t\t\t\t<div class=\"elementor-element elementor-element-791df6b2 elementor-widget elementor-widget-image\" data-id=\"791df6b2\" data-element_type=\"widget\" data-e-type=\"widget\" data-widget_type=\"image.default\">\n\t\t\t\t<div class=\"elementor-widget-container\">\n\t\t\t\t\t\t\t\t\t\t\t\t\t\t\t<img fetchpriority=\"high\" decoding=\"async\" width=\"900\" height=\"600\" src=\"https:\/\/gtf.hr\/wp-content\/uploads\/2020\/04\/bulbV-1024x683.jpg\" class=\"attachment-large size-large wp-image-1783\" alt=\"\" srcset=\"https:\/\/gtf.hr\/wp-content\/uploads\/2020\/04\/bulbV-1024x683.jpg 1024w, https:\/\/gtf.hr\/wp-content\/uploads\/2020\/04\/bulbV-300x200.jpg 300w, https:\/\/gtf.hr\/wp-content\/uploads\/2020\/04\/bulbV-768x512.jpg 768w, https:\/\/gtf.hr\/wp-content\/uploads\/2020\/04\/bulbV.jpg 1100w\" sizes=\"(max-width: 900px) 100vw, 900px\" \/>\t\t\t\t\t\t\t\t\t\t\t\t\t\t\t<\/div>\n\t\t\t\t<\/div>\n\t\t\t\t\t<\/div>\n\t\t<\/div>\n\t\t\t\t<div class=\"elementor-column elementor-col-50 elementor-inner-column elementor-element elementor-element-287380bd\" data-id=\"287380bd\" data-element_type=\"column\" data-e-type=\"column\">\n\t\t\t<div class=\"elementor-widget-wrap elementor-element-populated\">\n\t\t\t\t\t\t<div class=\"elementor-element elementor-element-68a4a863 elementor-widget elementor-widget-heading\" data-id=\"68a4a863\" data-element_type=\"widget\" data-e-type=\"widget\" data-widget_type=\"heading.default\">\n\t\t\t\t<div class=\"elementor-widget-container\">\n\t\t\t\t\t<h2 class=\"elementor-heading-title elementor-size-default\">Razvojni ciljevi<\/h2>\t\t\t\t<\/div>\n\t\t\t\t<\/div>\n\t\t\t\t<div class=\"elementor-element elementor-element-206c9fd7 elementor-widget elementor-widget-text-editor\" data-id=\"206c9fd7\" data-element_type=\"widget\" data-e-type=\"widget\" data-widget_type=\"text-editor.default\">\n\t\t\t\t<div class=\"elementor-widget-container\">\n\t\t\t\t\t\t\t\t\t<p style=\"text-align: left;\">1. Osiguravanje odr\u017eivog djelovanja Udruge kroz razne oblike samofinanciranja<br \/>2. Osnivanje gospodarskih djelatnosti Udruge kroz socijalno poduzetni\u0161tvo<br \/>3. \u0160irenje geografskog podru\u010dja djelovanja Udruge<br \/>4. Globalno, regionalno, nacionalno i lokalno<\/p>\t\t\t\t\t\t\t\t<\/div>\n\t\t\t\t<\/div>\n\t\t\t\t\t<\/div>\n\t\t<\/div>\n\t\t\t\t\t<\/div>\n\t\t<\/section>\n\t\t\t\t<section class=\"elementor-section elementor-inner-section elementor-element elementor-element-1c5c89fe elementor-section-content-middle elementor-reverse-mobile elementor-section-boxed elementor-section-height-default elementor-section-height-default\" data-id=\"1c5c89fe\" data-element_type=\"section\" data-e-type=\"section\">\n\t\t\t\t\t\t<div class=\"elementor-container elementor-column-gap-no\">\n\t\t\t\t\t<div class=\"elementor-column elementor-col-50 elementor-inner-column elementor-element elementor-element-70d4ff04\" data-id=\"70d4ff04\" data-element_type=\"column\" data-e-type=\"column\">\n\t\t\t<div class=\"elementor-widget-wrap elementor-element-populated\">\n\t\t\t\t\t\t<div class=\"elementor-element elementor-element-6d9454c elementor-widget elementor-widget-heading\" data-id=\"6d9454c\" data-element_type=\"widget\" data-e-type=\"widget\" data-widget_type=\"heading.default\">\n\t\t\t\t<div class=\"elementor-widget-container\">\n\t\t\t\t\t<h2 class=\"elementor-heading-title elementor-size-default\">Strate\u0161ki ciljevi<\/h2>\t\t\t\t<\/div>\n\t\t\t\t<\/div>\n\t\t\t\t<div class=\"elementor-element elementor-element-33ca66b4 elementor-widget elementor-widget-text-editor\" data-id=\"33ca66b4\" data-element_type=\"widget\" data-e-type=\"widget\" data-widget_type=\"text-editor.default\">\n\t\t\t\t<div class=\"elementor-widget-container\">\n\t\t\t\t\t\t\t\t\t<p style=\"text-align: left;\">1. Unaprijediti odr\u017eivo poduzetni\u0161tvo kao preduvjet op\u0107eg napretka dru\u0161tva<br \/>2. Pove\u0107anje zapo\u0161ljivosti marginaliziranih skupina<br \/>3. Pobolj\u0161ati multisektorsku suradnju u rje\u0161avanju klju\u010dnih dru\u0161tvenih problema (ekologija, siroma\u0161tvo, socijalna isklju\u010denost, i drugi)<\/p>\t\t\t\t\t\t\t\t<\/div>\n\t\t\t\t<\/div>\n\t\t\t\t\t<\/div>\n\t\t<\/div>\n\t\t\t\t<div class=\"elementor-column elementor-col-50 elementor-inner-column elementor-element elementor-element-6b244fa9\" data-id=\"6b244fa9\" data-element_type=\"column\" data-e-type=\"column\">\n\t\t\t<div class=\"elementor-widget-wrap elementor-element-populated\">\n\t\t\t\t\t\t<div class=\"elementor-element elementor-element-6bae2719 elementor-widget elementor-widget-image\" data-id=\"6bae2719\" data-element_type=\"widget\" data-e-type=\"widget\" data-widget_type=\"image.default\">\n\t\t\t\t<div class=\"elementor-widget-container\">\n\t\t\t\t\t\t\t\t\t\t\t\t\t\t\t<img decoding=\"async\" width=\"900\" height=\"599\" src=\"https:\/\/gtf.hr\/wp-content\/uploads\/2020\/04\/laptoptrava-1024x682.jpg\" class=\"attachment-large size-large wp-image-1785\" alt=\"\" srcset=\"https:\/\/gtf.hr\/wp-content\/uploads\/2020\/04\/laptoptrava-1024x682.jpg 1024w, https:\/\/gtf.hr\/wp-content\/uploads\/2020\/04\/laptoptrava-300x200.jpg 300w, https:\/\/gtf.hr\/wp-content\/uploads\/2020\/04\/laptoptrava-768x512.jpg 768w, https:\/\/gtf.hr\/wp-content\/uploads\/2020\/04\/laptoptrava.jpg 1100w\" sizes=\"(max-width: 900px) 100vw, 900px\" \/>\t\t\t\t\t\t\t\t\t\t\t\t\t\t\t<\/div>\n\t\t\t\t<\/div>\n\t\t\t\t\t<\/div>\n\t\t<\/div>\n\t\t\t\t\t<\/div>\n\t\t<\/section>\n\t\t\t\t<section class=\"elementor-section elementor-inner-section elementor-element elementor-element-848e12e elementor-section-content-middle elementor-reverse-mobile elementor-section-boxed elementor-section-height-default elementor-section-height-default\" data-id=\"848e12e\" data-element_type=\"section\" data-e-type=\"section\">\n\t\t\t\t\t\t<div class=\"elementor-container elementor-column-gap-no\">\n\t\t\t\t\t<div class=\"elementor-column elementor-col-50 elementor-inner-column elementor-element elementor-element-a9f7cd8\" data-id=\"a9f7cd8\" data-element_type=\"column\" data-e-type=\"column\">\n\t\t\t<div class=\"elementor-widget-wrap elementor-element-populated\">\n\t\t\t\t\t\t<div class=\"elementor-element elementor-element-e83860b elementor-widget elementor-widget-image\" data-id=\"e83860b\" data-element_type=\"widget\" data-e-type=\"widget\" data-widget_type=\"image.default\">\n\t\t\t\t<div class=\"elementor-widget-container\">\n\t\t\t\t\t\t\t\t\t\t\t\t\t\t\t<img decoding=\"async\" width=\"900\" height=\"506\" src=\"https:\/\/gtf.hr\/wp-content\/uploads\/2020\/04\/doksV-1024x576.jpg\" class=\"attachment-large size-large wp-image-1787\" alt=\"\" srcset=\"https:\/\/gtf.hr\/wp-content\/uploads\/2020\/04\/doksV-1024x576.jpg 1024w, https:\/\/gtf.hr\/wp-content\/uploads\/2020\/04\/doksV-300x169.jpg 300w, https:\/\/gtf.hr\/wp-content\/uploads\/2020\/04\/doksV-768x432.jpg 768w, https:\/\/gtf.hr\/wp-content\/uploads\/2020\/04\/doksV.jpg 1100w\" sizes=\"(max-width: 900px) 100vw, 900px\" \/>\t\t\t\t\t\t\t\t\t\t\t\t\t\t\t<\/div>\n\t\t\t\t<\/div>\n\t\t\t\t\t<\/div>\n\t\t<\/div>\n\t\t\t\t<div class=\"elementor-column elementor-col-50 elementor-inner-column elementor-element elementor-element-f89696c\" data-id=\"f89696c\" data-element_type=\"column\" data-e-type=\"column\">\n\t\t\t<div class=\"elementor-widget-wrap elementor-element-populated\">\n\t\t\t\t\t\t<div class=\"elementor-element elementor-element-7108b41 elementor-widget elementor-widget-heading\" data-id=\"7108b41\" data-element_type=\"widget\" data-e-type=\"widget\" data-widget_type=\"heading.default\">\n\t\t\t\t<div class=\"elementor-widget-container\">\n\t\t\t\t\t<h2 class=\"elementor-heading-title elementor-size-default\">Podru\u010dja djelovanja<\/h2>\t\t\t\t<\/div>\n\t\t\t\t<\/div>\n\t\t\t\t<div class=\"elementor-element elementor-element-1d95c92 elementor-widget elementor-widget-text-editor\" data-id=\"1d95c92\" data-element_type=\"widget\" data-e-type=\"widget\" data-widget_type=\"text-editor.default\">\n\t\t\t\t<div class=\"elementor-widget-container\">\n\t\t\t\t\t\t\t\t\t<p style=\"text-align: left;\">U skladu sa strategijama Europa 2020, SEE 2020 kao i UN Milenijskim razvojnim ciljevima (MDGs) u idu\u0107em petogodi\u0161njem razdoblju od 2015. do 2020. GTF-IOR \u0107e nastaviti kao i do sada na ispunjavanju zadatih strate\u0161kih ciljeva unutar podru\u010dja djelovanja koja se nalaze ispod:<\/p>\t\t\t\t\t\t\t\t<\/div>\n\t\t\t\t<\/div>\n\t\t\t\t\t<\/div>\n\t\t<\/div>\n\t\t\t\t\t<\/div>\n\t\t<\/section>\n\t\t\t\t\t<\/div>\n\t\t<\/div>\n\t\t\t\t\t<\/div>\n\t\t<\/section>\n\t\t\t\t<section class=\"elementor-section elementor-top-section elementor-element elementor-element-71732c52 elementor-section-content-middle elementor-section-boxed elementor-section-height-default elementor-section-height-default\" data-id=\"71732c52\" data-element_type=\"section\" data-e-type=\"section\">\n\t\t\t\t\t\t<div class=\"elementor-container elementor-column-gap-no\">\n\t\t\t\t\t<div class=\"elementor-column elementor-col-100 elementor-top-column elementor-element elementor-element-4615303b\" data-id=\"4615303b\" data-element_type=\"column\" data-e-type=\"column\">\n\t\t\t<div class=\"elementor-widget-wrap elementor-element-populated\">\n\t\t\t\t\t\t<div class=\"elementor-element elementor-element-46fc0846 elementor-widget elementor-widget-toggle\" data-id=\"46fc0846\" data-element_type=\"widget\" data-e-type=\"widget\" data-widget_type=\"toggle.default\">\n\t\t\t\t<div class=\"elementor-widget-container\">\n\t\t\t\t\t\t\t<div class=\"elementor-toggle\">\n\t\t\t\t\t\t\t<div class=\"elementor-toggle-item\">\n\t\t\t\t\t<div id=\"elementor-tab-title-1191\" class=\"elementor-tab-title\" data-tab=\"1\" role=\"button\" aria-controls=\"elementor-tab-content-1191\" aria-expanded=\"false\">\n\t\t\t\t\t\t\t\t\t\t\t\t<span class=\"elementor-toggle-icon elementor-toggle-icon-right\" aria-hidden=\"true\">\n\t\t\t\t\t\t\t\t\t\t\t\t\t\t\t<span class=\"elementor-toggle-icon-closed\"><i class=\"fas fa-caret-right\"><\/i><\/span>\n\t\t\t\t\t\t\t\t<span class=\"elementor-toggle-icon-opened\"><i class=\"elementor-toggle-icon-opened fas fa-caret-up\"><\/i><\/span>\n\t\t\t\t\t\t\t\t\t\t\t\t\t<\/span>\n\t\t\t\t\t\t\t\t\t\t\t\t<a class=\"elementor-toggle-title\" tabindex=\"0\">PODUZETNI\u0160TVO<\/a>\n\t\t\t\t\t<\/div>\n\n\t\t\t\t\t<div id=\"elementor-tab-content-1191\" class=\"elementor-tab-content elementor-clearfix\" data-tab=\"1\" role=\"region\" aria-labelledby=\"elementor-tab-title-1191\"><p>Podupirati sve oblike promocije i ja\u010danja poduzetni\u0161tva u skladu sa EU zakonom o malom i srednjem poduzetni\u0161tvu, kao pokreta\u010da gospodarstva i motora za stvaranje novih i odr\u017eanje postoje\u0107ih radnih mjesta, s posebnim naglaskom na \u017eensko poduzetni\u0161tvo i inovacije. Povezivanje poduzetnica u regiji i pobolj\u0161anje nacionalnih mjera zasnovano na razmjeni najboljih praksi, te pobolj\u0161anje uvjeta za radno aktivne \u017eene, uklju\u010duju\u0107i i mjerodavnu razinu te konkretne programe za stvaranje radnih mjesta. Poticati mlade za obrazovanje u STEM podru\u010djima kao preduvjet za poduzetni\u0161tvo budu\u0107nosti.<\/p><p>\u2022 Mikro, mala i srednja poduze\u0107a<br \/>\u2022 Infrastruktura (inkubatori, klasteri, akceleratori, zadruge, itd)<br \/>\u2022 Startup-ovi<br \/>\u2022 Socijalno poduzetni\u0161tvo, Zeleno poduzetni\u0161tvo, Technopreneurship, Odr\u017eivo poduzetni\u0161tvo, \u017densko poduzetni\u0161tvo<br \/>\u2022 Politika poduzetni\u0161tva<br \/>\u2022 Obrazovanje za poduzetni\u0161tvo<\/p><\/div>\n\t\t\t\t<\/div>\n\t\t\t\t\t\t\t<div class=\"elementor-toggle-item\">\n\t\t\t\t\t<div id=\"elementor-tab-title-1192\" class=\"elementor-tab-title\" data-tab=\"2\" role=\"button\" aria-controls=\"elementor-tab-content-1192\" aria-expanded=\"false\">\n\t\t\t\t\t\t\t\t\t\t\t\t<span class=\"elementor-toggle-icon elementor-toggle-icon-right\" aria-hidden=\"true\">\n\t\t\t\t\t\t\t\t\t\t\t\t\t\t\t<span class=\"elementor-toggle-icon-closed\"><i class=\"fas fa-caret-right\"><\/i><\/span>\n\t\t\t\t\t\t\t\t<span class=\"elementor-toggle-icon-opened\"><i class=\"elementor-toggle-icon-opened fas fa-caret-up\"><\/i><\/span>\n\t\t\t\t\t\t\t\t\t\t\t\t\t<\/span>\n\t\t\t\t\t\t\t\t\t\t\t\t<a class=\"elementor-toggle-title\" tabindex=\"0\">SOCIJALNA UKLJU\u010cENOST<\/a>\n\t\t\t\t\t<\/div>\n\n\t\t\t\t\t<div id=\"elementor-tab-content-1192\" class=\"elementor-tab-content elementor-clearfix\" data-tab=\"2\" role=\"region\" aria-labelledby=\"elementor-tab-title-1192\"><p>Pobolj\u0161ati socijalnu uklju\u010denost i koheziju putem intervencija poput socijalnih inovacija i razvoja ljudskih potencijala usmjerenih na osna\u017eivanje, organiziranje i povezivanje ugro\u017eenih skupina.<\/p><p>Pribli\u017eavanje tr\u017ei\u0161tu rada, cjelo\u017eivotno obrazovanje, izjedna\u010davanje \u0161ansi za: \u017eene, mlade, dugoro\u010dno nezaposlene, OSI, Rome, migrante, azilante, besku\u0107nike i druge marginalizirane skupine<\/p><\/div>\n\t\t\t\t<\/div>\n\t\t\t\t\t\t\t<div class=\"elementor-toggle-item\">\n\t\t\t\t\t<div id=\"elementor-tab-title-1193\" class=\"elementor-tab-title\" data-tab=\"3\" role=\"button\" aria-controls=\"elementor-tab-content-1193\" aria-expanded=\"false\">\n\t\t\t\t\t\t\t\t\t\t\t\t<span class=\"elementor-toggle-icon elementor-toggle-icon-right\" aria-hidden=\"true\">\n\t\t\t\t\t\t\t\t\t\t\t\t\t\t\t<span class=\"elementor-toggle-icon-closed\"><i class=\"fas fa-caret-right\"><\/i><\/span>\n\t\t\t\t\t\t\t\t<span class=\"elementor-toggle-icon-opened\"><i class=\"elementor-toggle-icon-opened fas fa-caret-up\"><\/i><\/span>\n\t\t\t\t\t\t\t\t\t\t\t\t\t<\/span>\n\t\t\t\t\t\t\t\t\t\t\t\t<a class=\"elementor-toggle-title\" tabindex=\"0\">RURALNI RAZVOJ<\/a>\n\t\t\t\t\t<\/div>\n\n\t\t\t\t\t<div id=\"elementor-tab-content-1193\" class=\"elementor-tab-content elementor-clearfix\" data-tab=\"3\" role=\"region\" aria-labelledby=\"elementor-tab-title-1193\"><p>Podr\u0161ka primjeni EU direktiva i strategija o razvoju ruralnih krajeva, ja\u010danje agropoduzetni\u0161tva i rad na razmjeni najboljih praksi ruralnog razvoja i obrazovanja za odr\u017eivi rast i razvoj u uskoj suradnji s vladinim mehanizmima za razvoj ruralnih krajeva te civilnim i poslovnim sektorima.<\/p><p>\u2022 LEADER pristup, LAG-ovi, poljoprivreda<br \/>\u2022 Agropoduzetni\u0161tvo<br \/>\u2022 Zemljopisna za\u0161tita tradicijskih proizvoda<br \/>\u2022 Ruralni turizam, o\u010duvanje okoli\u0161a<\/p><\/div>\n\t\t\t\t<\/div>\n\t\t\t\t\t\t\t<div class=\"elementor-toggle-item\">\n\t\t\t\t\t<div id=\"elementor-tab-title-1194\" class=\"elementor-tab-title\" data-tab=\"4\" role=\"button\" aria-controls=\"elementor-tab-content-1194\" aria-expanded=\"false\">\n\t\t\t\t\t\t\t\t\t\t\t\t<span class=\"elementor-toggle-icon elementor-toggle-icon-right\" aria-hidden=\"true\">\n\t\t\t\t\t\t\t\t\t\t\t\t\t\t\t<span class=\"elementor-toggle-icon-closed\"><i class=\"fas fa-caret-right\"><\/i><\/span>\n\t\t\t\t\t\t\t\t<span class=\"elementor-toggle-icon-opened\"><i class=\"elementor-toggle-icon-opened fas fa-caret-up\"><\/i><\/span>\n\t\t\t\t\t\t\t\t\t\t\t\t\t<\/span>\n\t\t\t\t\t\t\t\t\t\t\t\t<a class=\"elementor-toggle-title\" tabindex=\"0\">EKOLOGIJA<\/a>\n\t\t\t\t\t<\/div>\n\n\t\t\t\t\t<div id=\"elementor-tab-content-1194\" class=\"elementor-tab-content elementor-clearfix\" data-tab=\"4\" role=\"region\" aria-labelledby=\"elementor-tab-title-1194\"><p>Podupirati o\u010duvanje okoli\u0161a kroz inovacije te podizanje svijesti gra\u0111ana i va\u017enosti njihove aktivne uklju\u010denosti u ekolo\u0161ke aktivnosti zajednice, pogotovo populacije mladih kako bi se stvorili preduvjeti za primjenu inovativnih zelenih rje\u0161enja u skladu s EU direktivama i strategijama.<\/p><p>\u2022 Za\u0161tita okoli\u0161a<br \/>\u2022 Obnovljivi izvori energije i zelene tehnologije<br \/>\u2022 Podizanje svijesti gra\u0111ana o va\u017enosti preventive i o\u010duvanja okoli\u0161a<br \/>\u2022 Kompostiranje, permakultura, eko proizvodnja<br \/>\u2022 Uklju\u010divanje mladih u ekolo\u0161ke aktivnosti<\/p><\/div>\n\t\t\t\t<\/div>\n\t\t\t\t\t\t\t<div class=\"elementor-toggle-item\">\n\t\t\t\t\t<div id=\"elementor-tab-title-1195\" class=\"elementor-tab-title\" data-tab=\"5\" role=\"button\" aria-controls=\"elementor-tab-content-1195\" aria-expanded=\"false\">\n\t\t\t\t\t\t\t\t\t\t\t\t<span class=\"elementor-toggle-icon elementor-toggle-icon-right\" aria-hidden=\"true\">\n\t\t\t\t\t\t\t\t\t\t\t\t\t\t\t<span class=\"elementor-toggle-icon-closed\"><i class=\"fas fa-caret-right\"><\/i><\/span>\n\t\t\t\t\t\t\t\t<span class=\"elementor-toggle-icon-opened\"><i class=\"elementor-toggle-icon-opened fas fa-caret-up\"><\/i><\/span>\n\t\t\t\t\t\t\t\t\t\t\t\t\t<\/span>\n\t\t\t\t\t\t\t\t\t\t\t\t<a class=\"elementor-toggle-title\" tabindex=\"0\">TURIZAM<\/a>\n\t\t\t\t\t<\/div>\n\n\t\t\t\t\t<div id=\"elementor-tab-content-1195\" class=\"elementor-tab-content elementor-clearfix\" data-tab=\"5\" role=\"region\" aria-labelledby=\"elementor-tab-title-1195\"><p>Daljni rad na razvoju autohtone turisti\u010dke ponude u regiji kroz povezivanje dionika te njihovu suradnju sa turisti\u010dkim zajednicama u skladu sa odr\u017eivim razvojem i ekolo\u0161kim pristupom.<\/p><p>\u2022 Odr\u017eivi turizam: Agroturizam, ekoturizam<br \/>\u2022 Autohtoni proizvodi (suveniri, osnivanje klastera)<br \/>\u2022 Suradnja s turisti\u010dkim zajednicama<br \/>\u2022 Uklju\u010divanje lokalnih dionika<\/p><\/div>\n\t\t\t\t<\/div>\n\t\t\t\t\t\t\t\t<\/div>\n\t\t\t\t\t\t<\/div>\n\t\t\t\t<\/div>\n\t\t\t\t\t<\/div>\n\t\t<\/div>\n\t\t\t\t\t<\/div>\n\t\t<\/section>\n\t\t\t\t<\/div>\n\t\t","protected":false},"excerpt":{"rendered":"<p>Na\u0161a vizija Razvojni ciljevi 1. Osiguravanje odr\u017eivog djelovanja Udruge kroz razne oblike samofinanciranja2. Osnivanje gospodarskih djelatnosti Udruge kroz socijalno poduzetni\u0161tvo3. \u0160irenje geografskog podru\u010dja djelovanja Udruge4. Globalno, regionalno, nacionalno i lokalno Strate\u0161ki ciljevi 1. Unaprijediti odr\u017eivo poduzetni\u0161tvo kao preduvjet op\u0107eg napretka dru\u0161tva2. Pove\u0107anje zapo\u0161ljivosti marginaliziranih skupina3. Pobolj\u0161ati multisektorsku suradnju u rje\u0161avanju klju\u010dnih dru\u0161tvenih problema (ekologija, siroma\u0161tvo, &#8230; <a title=\"Our vision\" class=\"read-more\" href=\"https:\/\/gtf.hr\/en\/nasa-vizija\/\" aria-label=\"Read more about Na\u0161a vizija\">Read more<\/a><\/p>","protected":false},"author":2,"featured_media":0,"parent":0,"menu_order":0,"comment_status":"closed","ping_status":"closed","template":"elementor_header_footer","meta":{"footnotes":""},"class_list":["post-1016","page","type-page","status-publish"],"yoast_head":"<!-- This site is optimized with the Yoast SEO plugin v27.2 - https:\/\/yoast.com\/product\/yoast-seo-wordpress\/ -->\n<title>Na\u0161a vizija - GTF-Inicijativa za odr\u017eivi rast<\/title>\n<meta name=\"robots\" content=\"index, follow, max-snippet:-1, max-image-preview:large, max-video-preview:-1\" \/>\n<link rel=\"canonical\" href=\"https:\/\/gtf.hr\/en\/nasa-vizija\/\" \/>\n<meta property=\"og:locale\" content=\"en_GB\" \/>\n<meta property=\"og:type\" content=\"article\" \/>\n<meta property=\"og:title\" content=\"Na\u0161a vizija - GTF-Inicijativa za odr\u017eivi rast\" \/>\n<meta property=\"og:description\" content=\"Na\u0161a vizija Razvojni ciljevi 1. Osiguravanje odr\u017eivog djelovanja Udruge kroz razne oblike samofinanciranja2. Osnivanje gospodarskih djelatnosti Udruge kroz socijalno poduzetni\u0161tvo3. \u0160irenje geografskog podru\u010dja djelovanja Udruge4. Globalno, regionalno, nacionalno i lokalno Strate\u0161ki ciljevi 1. Unaprijediti odr\u017eivo poduzetni\u0161tvo kao preduvjet op\u0107eg napretka dru\u0161tva2. Pove\u0107anje zapo\u0161ljivosti marginaliziranih skupina3. Pobolj\u0161ati multisektorsku suradnju u rje\u0161avanju klju\u010dnih dru\u0161tvenih problema (ekologija, siroma\u0161tvo, ... Read more\" \/>\n<meta property=\"og:url\" content=\"https:\/\/gtf.hr\/en\/nasa-vizija\/\" \/>\n<meta property=\"og:site_name\" content=\"GTF-Inicijativa za odr\u017eivi rast\" \/>\n<meta property=\"article:modified_time\" content=\"2023-05-29T08:22:25+00:00\" \/>\n<meta property=\"og:image\" content=\"http:\/\/gtf.hr\/wp-content\/uploads\/2020\/04\/bulbV-1024x683.jpg\" \/>\n<meta name=\"twitter:card\" content=\"summary_large_image\" \/>\n<meta name=\"twitter:label1\" content=\"Estimated reading time\" \/>\n\t<meta name=\"twitter:data1\" content=\"3 minutes\" \/>\n<script type=\"application\/ld+json\" class=\"yoast-schema-graph\">{\"@context\":\"https:\/\/schema.org\",\"@graph\":[{\"@type\":\"WebPage\",\"@id\":\"https:\/\/gtf.hr\/nasa-vizija\/\",\"url\":\"https:\/\/gtf.hr\/nasa-vizija\/\",\"name\":\"Na\u0161a vizija - GTF-Inicijativa za odr\u017eivi rast\",\"isPartOf\":{\"@id\":\"https:\/\/gtf.hr\/#website\"},\"primaryImageOfPage\":{\"@id\":\"https:\/\/gtf.hr\/nasa-vizija\/#primaryimage\"},\"image\":{\"@id\":\"https:\/\/gtf.hr\/nasa-vizija\/#primaryimage\"},\"thumbnailUrl\":\"http:\/\/gtf.hr\/wp-content\/uploads\/2020\/04\/bulbV-1024x683.jpg\",\"datePublished\":\"2020-04-02T13:43:13+00:00\",\"dateModified\":\"2023-05-29T08:22:25+00:00\",\"breadcrumb\":{\"@id\":\"https:\/\/gtf.hr\/nasa-vizija\/#breadcrumb\"},\"inLanguage\":\"en-GB\",\"potentialAction\":[{\"@type\":\"ReadAction\",\"target\":[\"https:\/\/gtf.hr\/nasa-vizija\/\"]}]},{\"@type\":\"ImageObject\",\"inLanguage\":\"en-GB\",\"@id\":\"https:\/\/gtf.hr\/nasa-vizija\/#primaryimage\",\"url\":\"http:\/\/gtf.hr\/wp-content\/uploads\/2020\/04\/bulbV-1024x683.jpg\",\"contentUrl\":\"http:\/\/gtf.hr\/wp-content\/uploads\/2020\/04\/bulbV-1024x683.jpg\"},{\"@type\":\"BreadcrumbList\",\"@id\":\"https:\/\/gtf.hr\/nasa-vizija\/#breadcrumb\",\"itemListElement\":[{\"@type\":\"ListItem\",\"position\":1,\"name\":\"Home\",\"item\":\"https:\/\/gtf.hr\/\"},{\"@type\":\"ListItem\",\"position\":2,\"name\":\"Na\u0161a vizija\"}]},{\"@type\":\"WebSite\",\"@id\":\"https:\/\/gtf.hr\/#website\",\"url\":\"https:\/\/gtf.hr\/\",\"name\":\"GTF-Inicijativa za odr\u017eivi rast\",\"description\":\"\",\"potentialAction\":[{\"@type\":\"SearchAction\",\"target\":{\"@type\":\"EntryPoint\",\"urlTemplate\":\"https:\/\/gtf.hr\/?s={search_term_string}\"},\"query-input\":{\"@type\":\"PropertyValueSpecification\",\"valueRequired\":true,\"valueName\":\"search_term_string\"}}],\"inLanguage\":\"en-GB\"}]}<\/script>\n<!-- \/ Yoast SEO plugin. -->","yoast_head_json":{"title":"Na\u0161a vizija - GTF-Inicijativa za odr\u017eivi rast","robots":{"index":"index","follow":"follow","max-snippet":"max-snippet:-1","max-image-preview":"max-image-preview:large","max-video-preview":"max-video-preview:-1"},"canonical":"https:\/\/gtf.hr\/en\/nasa-vizija\/","og_locale":"en_GB","og_type":"article","og_title":"Na\u0161a vizija - GTF-Inicijativa za odr\u017eivi rast","og_description":"Na\u0161a vizija Razvojni ciljevi 1. Osiguravanje odr\u017eivog djelovanja Udruge kroz razne oblike samofinanciranja2. Osnivanje gospodarskih djelatnosti Udruge kroz socijalno poduzetni\u0161tvo3. \u0160irenje geografskog podru\u010dja djelovanja Udruge4. Globalno, regionalno, nacionalno i lokalno Strate\u0161ki ciljevi 1. Unaprijediti odr\u017eivo poduzetni\u0161tvo kao preduvjet op\u0107eg napretka dru\u0161tva2. Pove\u0107anje zapo\u0161ljivosti marginaliziranih skupina3. Pobolj\u0161ati multisektorsku suradnju u rje\u0161avanju klju\u010dnih dru\u0161tvenih problema (ekologija, siroma\u0161tvo, ... Read more","og_url":"https:\/\/gtf.hr\/en\/nasa-vizija\/","og_site_name":"GTF-Inicijativa za odr\u017eivi rast","article_modified_time":"2023-05-29T08:22:25+00:00","og_image":[{"url":"http:\/\/gtf.hr\/wp-content\/uploads\/2020\/04\/bulbV-1024x683.jpg","type":"","width":"","height":""}],"twitter_card":"summary_large_image","twitter_misc":{"Estimated reading time":"3 minutes"},"schema":{"@context":"https:\/\/schema.org","@graph":[{"@type":"WebPage","@id":"https:\/\/gtf.hr\/nasa-vizija\/","url":"https:\/\/gtf.hr\/nasa-vizija\/","name":"Na\u0161a vizija - GTF-Inicijativa za odr\u017eivi rast","isPartOf":{"@id":"https:\/\/gtf.hr\/#website"},"primaryImageOfPage":{"@id":"https:\/\/gtf.hr\/nasa-vizija\/#primaryimage"},"image":{"@id":"https:\/\/gtf.hr\/nasa-vizija\/#primaryimage"},"thumbnailUrl":"http:\/\/gtf.hr\/wp-content\/uploads\/2020\/04\/bulbV-1024x683.jpg","datePublished":"2020-04-02T13:43:13+00:00","dateModified":"2023-05-29T08:22:25+00:00","breadcrumb":{"@id":"https:\/\/gtf.hr\/nasa-vizija\/#breadcrumb"},"inLanguage":"en-GB","potentialAction":[{"@type":"ReadAction","target":["https:\/\/gtf.hr\/nasa-vizija\/"]}]},{"@type":"ImageObject","inLanguage":"en-GB","@id":"https:\/\/gtf.hr\/nasa-vizija\/#primaryimage","url":"http:\/\/gtf.hr\/wp-content\/uploads\/2020\/04\/bulbV-1024x683.jpg","contentUrl":"http:\/\/gtf.hr\/wp-content\/uploads\/2020\/04\/bulbV-1024x683.jpg"},{"@type":"BreadcrumbList","@id":"https:\/\/gtf.hr\/nasa-vizija\/#breadcrumb","itemListElement":[{"@type":"ListItem","position":1,"name":"Home","item":"https:\/\/gtf.hr\/"},{"@type":"ListItem","position":2,"name":"Na\u0161a vizija"}]},{"@type":"WebSite","@id":"https:\/\/gtf.hr\/#website","url":"https:\/\/gtf.hr\/","name":"GTF-Initiative for Sustainable Growth","description":"","potentialAction":[{"@type":"SearchAction","target":{"@type":"EntryPoint","urlTemplate":"https:\/\/gtf.hr\/?s={search_term_string}"},"query-input":{"@type":"PropertyValueSpecification","valueRequired":true,"valueName":"search_term_string"}}],"inLanguage":"en-GB"}]}},"_links":{"self":[{"href":"https:\/\/gtf.hr\/en\/wp-json\/wp\/v2\/pages\/1016","targetHints":{"allow":["GET"]}}],"collection":[{"href":"https:\/\/gtf.hr\/en\/wp-json\/wp\/v2\/pages"}],"about":[{"href":"https:\/\/gtf.hr\/en\/wp-json\/wp\/v2\/types\/page"}],"author":[{"embeddable":true,"href":"https:\/\/gtf.hr\/en\/wp-json\/wp\/v2\/users\/2"}],"replies":[{"embeddable":true,"href":"https:\/\/gtf.hr\/en\/wp-json\/wp\/v2\/comments?post=1016"}],"version-history":[{"count":59,"href":"https:\/\/gtf.hr\/en\/wp-json\/wp\/v2\/pages\/1016\/revisions"}],"predecessor-version":[{"id":4160,"href":"https:\/\/gtf.hr\/en\/wp-json\/wp\/v2\/pages\/1016\/revisions\/4160"}],"wp:attachment":[{"href":"https:\/\/gtf.hr\/en\/wp-json\/wp\/v2\/media?parent=1016"}],"curies":[{"name":"wp","href":"https:\/\/api.w.org\/{rel}","templated":true}]}}