{"id":2240,"date":"2020-09-01T12:11:59","date_gmt":"2020-09-01T11:11:59","guid":{"rendered":"http:\/\/gtf.hr\/?page_id=2240"},"modified":"2023-05-31T09:53:31","modified_gmt":"2023-05-31T08:53:31","slug":"institucionalna-podrska","status":"publish","type":"page","link":"https:\/\/gtf.hr\/en\/projekti\/institucionalna-podrska\/","title":{"rendered":"Institutional support"},"content":{"rendered":"\t\t<div data-elementor-type=\"wp-page\" data-elementor-id=\"2240\" class=\"elementor elementor-2240\" data-elementor-post-type=\"page\">\n\t\t\t\t\t\t<section class=\"elementor-section elementor-top-section elementor-element elementor-element-40ced59 elementor-section-full_width elementor-section-height-min-height elementor-section-height-default elementor-section-items-middle\" data-id=\"40ced59\" data-element_type=\"section\" data-e-type=\"section\" data-settings=\"{&quot;background_background&quot;:&quot;classic&quot;,&quot;background_motion_fx_opacity_effect&quot;:&quot;yes&quot;,&quot;background_motion_fx_opacity_range&quot;:{&quot;unit&quot;:&quot;%&quot;,&quot;size&quot;:&quot;&quot;,&quot;sizes&quot;:{&quot;start&quot;:&quot;51&quot;,&quot;end&quot;:&quot;76&quot;}},&quot;background_motion_fx_motion_fx_scrolling&quot;:&quot;yes&quot;,&quot;background_motion_fx_opacity_direction&quot;:&quot;in-out&quot;,&quot;background_motion_fx_opacity_level&quot;:{&quot;unit&quot;:&quot;px&quot;,&quot;size&quot;:10,&quot;sizes&quot;:[]},&quot;background_motion_fx_devices&quot;:[&quot;desktop&quot;,&quot;tablet&quot;,&quot;mobile&quot;]}\">\n\t\t\t\t\t\t\t<div class=\"elementor-background-overlay\"><\/div>\n\t\t\t\t\t\t\t<div class=\"elementor-container elementor-column-gap-default\">\n\t\t\t\t\t<div class=\"elementor-column elementor-col-100 elementor-top-column elementor-element elementor-element-14fb76d\" data-id=\"14fb76d\" data-element_type=\"column\" data-e-type=\"column\">\n\t\t\t<div class=\"elementor-widget-wrap elementor-element-populated\">\n\t\t\t\t\t\t<div class=\"elementor-element elementor-element-527e440 elementor-widget elementor-widget-heading\" data-id=\"527e440\" data-element_type=\"widget\" data-e-type=\"widget\" data-widget_type=\"heading.default\">\n\t\t\t\t<div class=\"elementor-widget-container\">\n\t\t\t\t\t<h1 class=\"elementor-heading-title elementor-size-default\">Institucionalna podr\u0161ka<\/h1>\t\t\t\t<\/div>\n\t\t\t\t<\/div>\n\t\t\t\t\t<\/div>\n\t\t<\/div>\n\t\t\t\t\t<\/div>\n\t\t<\/section>\n\t\t\t\t<section class=\"elementor-section elementor-top-section elementor-element elementor-element-da7c58f elementor-section-boxed elementor-section-height-default elementor-section-height-default\" data-id=\"da7c58f\" data-element_type=\"section\" data-e-type=\"section\">\n\t\t\t\t\t\t<div class=\"elementor-container elementor-column-gap-extended\">\n\t\t\t\t\t<div class=\"elementor-column elementor-col-50 elementor-top-column elementor-element elementor-element-a1ecf00\" data-id=\"a1ecf00\" data-element_type=\"column\" data-e-type=\"column\">\n\t\t\t<div class=\"elementor-widget-wrap elementor-element-populated\">\n\t\t\t\t\t\t<div class=\"elementor-element elementor-element-ffd3470 elementor-widget elementor-widget-image\" data-id=\"ffd3470\" data-element_type=\"widget\" data-e-type=\"widget\" data-widget_type=\"image.default\">\n\t\t\t\t<div class=\"elementor-widget-container\">\n\t\t\t\t\t\t\t\t\t\t\t\t\t\t\t<img fetchpriority=\"high\" decoding=\"async\" width=\"300\" height=\"300\" src=\"https:\/\/gtf.hr\/wp-content\/uploads\/2020\/04\/nac-zaklada2.jpg\" class=\"attachment-large size-large wp-image-1216\" alt=\"\" srcset=\"https:\/\/gtf.hr\/wp-content\/uploads\/2020\/04\/nac-zaklada2.jpg 300w, https:\/\/gtf.hr\/wp-content\/uploads\/2020\/04\/nac-zaklada2-150x150.jpg 150w\" sizes=\"(max-width: 300px) 100vw, 300px\" \/>\t\t\t\t\t\t\t\t\t\t\t\t\t\t\t<\/div>\n\t\t\t\t<\/div>\n\t\t\t\t<div class=\"elementor-element elementor-element-f33aa6c elementor-widget elementor-widget-image\" data-id=\"f33aa6c\" data-element_type=\"widget\" data-e-type=\"widget\" data-widget_type=\"image.default\">\n\t\t\t\t<div class=\"elementor-widget-container\">\n\t\t\t\t\t\t\t\t\t\t\t\t\t\t\t<img decoding=\"async\" width=\"300\" height=\"300\" src=\"https:\/\/gtf.hr\/wp-content\/uploads\/2020\/04\/nacionalna.jpg\" class=\"attachment-large size-large wp-image-1222\" alt=\"\" srcset=\"https:\/\/gtf.hr\/wp-content\/uploads\/2020\/04\/nacionalna.jpg 300w, https:\/\/gtf.hr\/wp-content\/uploads\/2020\/04\/nacionalna-150x150.jpg 150w\" sizes=\"(max-width: 300px) 100vw, 300px\" \/>\t\t\t\t\t\t\t\t\t\t\t\t\t\t\t<\/div>\n\t\t\t\t<\/div>\n\t\t\t\t\t<\/div>\n\t\t<\/div>\n\t\t\t\t<div class=\"elementor-column elementor-col-50 elementor-top-column elementor-element elementor-element-4fe0562\" data-id=\"4fe0562\" data-element_type=\"column\" data-e-type=\"column\">\n\t\t\t<div class=\"elementor-widget-wrap elementor-element-populated\">\n\t\t\t\t\t\t<div class=\"elementor-element elementor-element-ea4dc98 elementor-widget elementor-widget-text-editor\" data-id=\"ea4dc98\" data-element_type=\"widget\" data-e-type=\"widget\" data-widget_type=\"text-editor.default\">\n\t\t\t\t<div class=\"elementor-widget-container\">\n\t\t\t\t\t\t\t\t\t<p>Udruga GTF-Inicijativa za odr\u017eivi rast bila je korisnik Institucionalne podr\u0161ke Nacionalne zaklade za razvoj civilnoga dru\u0161tva u razdoblju od 2017. \u2013 2020. godinu. Institucionalna podr\u0161ka je trogodi\u0161nji program Udruge odobren od strane Nacionalne zaklade za razvoj civilnog dru\u0161tva s ciljem ja\u010danja organizacijske strukture organizacije, zapo\u0161ljavanja novih osoba, ja\u010danja kapaciteta zaposlenika za samostalnu pripremu i provedbu kako nacionalnih tako i europskih projekata te pronala\u017eenja novih na\u010dina financiranja konkurentnosti gospodarstva Republike Makedonije kroz potporu raznolikog sustava poduzetni\u0161tva, uklju\u010duju\u0107i \u017eene i civilno dru\u0161tvo. Kroz provedbu projekta, civilno je dru\u0161tvo dobilo izravan pristup informacijama i strate\u0161kom planiranju u dijalogu o gospodarskoj konkurentnosti i razvoju \u017eenskog poduzetni\u0161tva.<\/p>\t\t\t\t\t\t\t\t<\/div>\n\t\t\t\t<\/div>\n\t\t\t\t<div class=\"elementor-element elementor-element-90aa671 elementor-align-center e-transform e-transform elementor-widget elementor-widget-button\" data-id=\"90aa671\" data-element_type=\"widget\" data-e-type=\"widget\" data-settings=\"{&quot;_transform_scale_effect&quot;:{&quot;unit&quot;:&quot;px&quot;,&quot;size&quot;:1,&quot;sizes&quot;:[]},&quot;_transform_scale_effect_hover&quot;:{&quot;unit&quot;:&quot;px&quot;,&quot;size&quot;:1.2,&quot;sizes&quot;:[]},&quot;_transform_scale_effect_tablet&quot;:{&quot;unit&quot;:&quot;px&quot;,&quot;size&quot;:&quot;&quot;,&quot;sizes&quot;:[]},&quot;_transform_scale_effect_mobile&quot;:{&quot;unit&quot;:&quot;px&quot;,&quot;size&quot;:&quot;&quot;,&quot;sizes&quot;:[]},&quot;_transform_scale_effect_hover_tablet&quot;:{&quot;unit&quot;:&quot;px&quot;,&quot;size&quot;:&quot;&quot;,&quot;sizes&quot;:[]},&quot;_transform_scale_effect_hover_mobile&quot;:{&quot;unit&quot;:&quot;px&quot;,&quot;size&quot;:&quot;&quot;,&quot;sizes&quot;:[]}}\" data-widget_type=\"button.default\">\n\t\t\t\t<div class=\"elementor-widget-container\">\n\t\t\t\t\t\t\t\t\t<div class=\"elementor-button-wrapper\">\n\t\t\t\t\t<a class=\"elementor-button elementor-button-link elementor-size-sm\" href=\"https:\/\/www.facebook.com\/dinarskosrce\">\n\t\t\t\t\t\t<span class=\"elementor-button-content-wrapper\">\n\t\t\t\t\t\t<span class=\"elementor-button-icon\">\n\t\t\t\t<i aria-hidden=\"true\" class=\"fas fa-chevron-right\"><\/i>\t\t\t<\/span>\n\t\t\t\t\t\t\t\t\t<span class=\"elementor-button-text\">VI\u0160E O NZRCD<\/span>\n\t\t\t\t\t<\/span>\n\t\t\t\t\t<\/a>\n\t\t\t\t<\/div>\n\t\t\t\t\t\t\t\t<\/div>\n\t\t\t\t<\/div>\n\t\t\t\t\t<\/div>\n\t\t<\/div>\n\t\t\t\t\t<\/div>\n\t\t<\/section>\n\t\t\t\t<\/div>\n\t\t","protected":false},"excerpt":{"rendered":"<p>Institucionalna podr\u0161ka Udruga GTF-Inicijativa za odr\u017eivi rast bila je korisnik Institucionalne podr\u0161ke Nacionalne zaklade za razvoj civilnoga dru\u0161tva u razdoblju od 2017. \u2013 2020. godinu. Institucionalna podr\u0161ka je trogodi\u0161nji program Udruge odobren od strane Nacionalne zaklade za razvoj civilnog dru\u0161tva s ciljem ja\u010danja organizacijske strukture organizacije, zapo\u0161ljavanja novih osoba, ja\u010danja kapaciteta zaposlenika za samostalnu pripremu &#8230; <a title=\"Institutional support\" class=\"read-more\" href=\"https:\/\/gtf.hr\/en\/projekti\/institucionalna-podrska\/\" aria-label=\"Read more about Institucionalna podr\u0161ka\">Read more<\/a><\/p>","protected":false},"author":2,"featured_media":0,"parent":1172,"menu_order":0,"comment_status":"closed","ping_status":"closed","template":"elementor_header_footer","meta":{"footnotes":""},"class_list":["post-2240","page","type-page","status-publish"],"yoast_head":"<!-- This site is optimized with the Yoast SEO plugin v27.2 - https:\/\/yoast.com\/product\/yoast-seo-wordpress\/ -->\n<title>Institucionalna podr\u0161ka - GTF-Inicijativa za odr\u017eivi rast<\/title>\n<meta name=\"robots\" content=\"index, follow, max-snippet:-1, max-image-preview:large, max-video-preview:-1\" \/>\n<link rel=\"canonical\" href=\"https:\/\/gtf.hr\/en\/projekti\/institucionalna-podrska\/\" \/>\n<meta property=\"og:locale\" content=\"en_GB\" \/>\n<meta property=\"og:type\" content=\"article\" \/>\n<meta property=\"og:title\" content=\"Institucionalna podr\u0161ka - GTF-Inicijativa za odr\u017eivi rast\" \/>\n<meta property=\"og:description\" content=\"Institucionalna podr\u0161ka Udruga GTF-Inicijativa za odr\u017eivi rast bila je korisnik Institucionalne podr\u0161ke Nacionalne zaklade za razvoj civilnoga dru\u0161tva u razdoblju od 2017. \u2013 2020. godinu. Institucionalna podr\u0161ka je trogodi\u0161nji program Udruge odobren od strane Nacionalne zaklade za razvoj civilnog dru\u0161tva s ciljem ja\u010danja organizacijske strukture organizacije, zapo\u0161ljavanja novih osoba, ja\u010danja kapaciteta zaposlenika za samostalnu pripremu ... Read more\" \/>\n<meta property=\"og:url\" content=\"https:\/\/gtf.hr\/en\/projekti\/institucionalna-podrska\/\" \/>\n<meta property=\"og:site_name\" content=\"GTF-Inicijativa za odr\u017eivi rast\" \/>\n<meta property=\"article:modified_time\" content=\"2023-05-31T08:53:31+00:00\" \/>\n<meta property=\"og:image\" content=\"http:\/\/gtf.hr\/wp-content\/uploads\/2020\/04\/nac-zaklada2.jpg\" \/>\n<meta name=\"twitter:card\" content=\"summary_large_image\" \/>\n<meta name=\"twitter:label1\" content=\"Estimated reading time\" \/>\n\t<meta name=\"twitter:data1\" content=\"1 minute\" \/>\n<script type=\"application\/ld+json\" class=\"yoast-schema-graph\">{\"@context\":\"https:\/\/schema.org\",\"@graph\":[{\"@type\":\"WebPage\",\"@id\":\"https:\/\/gtf.hr\/projekti\/institucionalna-podrska\/\",\"url\":\"https:\/\/gtf.hr\/projekti\/institucionalna-podrska\/\",\"name\":\"Institucionalna podr\u0161ka - GTF-Inicijativa za odr\u017eivi rast\",\"isPartOf\":{\"@id\":\"https:\/\/gtf.hr\/#website\"},\"primaryImageOfPage\":{\"@id\":\"https:\/\/gtf.hr\/projekti\/institucionalna-podrska\/#primaryimage\"},\"image\":{\"@id\":\"https:\/\/gtf.hr\/projekti\/institucionalna-podrska\/#primaryimage\"},\"thumbnailUrl\":\"http:\/\/gtf.hr\/wp-content\/uploads\/2020\/04\/nac-zaklada2.jpg\",\"datePublished\":\"2020-09-01T11:11:59+00:00\",\"dateModified\":\"2023-05-31T08:53:31+00:00\",\"breadcrumb\":{\"@id\":\"https:\/\/gtf.hr\/projekti\/institucionalna-podrska\/#breadcrumb\"},\"inLanguage\":\"en-GB\",\"potentialAction\":[{\"@type\":\"ReadAction\",\"target\":[\"https:\/\/gtf.hr\/projekti\/institucionalna-podrska\/\"]}]},{\"@type\":\"ImageObject\",\"inLanguage\":\"en-GB\",\"@id\":\"https:\/\/gtf.hr\/projekti\/institucionalna-podrska\/#primaryimage\",\"url\":\"http:\/\/gtf.hr\/wp-content\/uploads\/2020\/04\/nac-zaklada2.jpg\",\"contentUrl\":\"http:\/\/gtf.hr\/wp-content\/uploads\/2020\/04\/nac-zaklada2.jpg\"},{\"@type\":\"BreadcrumbList\",\"@id\":\"https:\/\/gtf.hr\/projekti\/institucionalna-podrska\/#breadcrumb\",\"itemListElement\":[{\"@type\":\"ListItem\",\"position\":1,\"name\":\"Home\",\"item\":\"https:\/\/gtf.hr\/\"},{\"@type\":\"ListItem\",\"position\":2,\"name\":\"PROJEKTI\",\"item\":\"https:\/\/gtf.hr\/projekti\/\"},{\"@type\":\"ListItem\",\"position\":3,\"name\":\"Institucionalna podr\u0161ka\"}]},{\"@type\":\"WebSite\",\"@id\":\"https:\/\/gtf.hr\/#website\",\"url\":\"https:\/\/gtf.hr\/\",\"name\":\"GTF-Inicijativa za odr\u017eivi rast\",\"description\":\"\",\"potentialAction\":[{\"@type\":\"SearchAction\",\"target\":{\"@type\":\"EntryPoint\",\"urlTemplate\":\"https:\/\/gtf.hr\/?s={search_term_string}\"},\"query-input\":{\"@type\":\"PropertyValueSpecification\",\"valueRequired\":true,\"valueName\":\"search_term_string\"}}],\"inLanguage\":\"en-GB\"}]}<\/script>\n<!-- \/ Yoast SEO plugin. -->","yoast_head_json":{"title":"Institucionalna podr\u0161ka - GTF-Inicijativa za odr\u017eivi rast","robots":{"index":"index","follow":"follow","max-snippet":"max-snippet:-1","max-image-preview":"max-image-preview:large","max-video-preview":"max-video-preview:-1"},"canonical":"https:\/\/gtf.hr\/en\/projekti\/institucionalna-podrska\/","og_locale":"en_GB","og_type":"article","og_title":"Institucionalna podr\u0161ka - GTF-Inicijativa za odr\u017eivi rast","og_description":"Institucionalna podr\u0161ka Udruga GTF-Inicijativa za odr\u017eivi rast bila je korisnik Institucionalne podr\u0161ke Nacionalne zaklade za razvoj civilnoga dru\u0161tva u razdoblju od 2017. \u2013 2020. godinu. Institucionalna podr\u0161ka je trogodi\u0161nji program Udruge odobren od strane Nacionalne zaklade za razvoj civilnog dru\u0161tva s ciljem ja\u010danja organizacijske strukture organizacije, zapo\u0161ljavanja novih osoba, ja\u010danja kapaciteta zaposlenika za samostalnu pripremu ... Read more","og_url":"https:\/\/gtf.hr\/en\/projekti\/institucionalna-podrska\/","og_site_name":"GTF-Inicijativa za odr\u017eivi rast","article_modified_time":"2023-05-31T08:53:31+00:00","og_image":[{"url":"http:\/\/gtf.hr\/wp-content\/uploads\/2020\/04\/nac-zaklada2.jpg","type":"","width":"","height":""}],"twitter_card":"summary_large_image","twitter_misc":{"Estimated reading time":"1 minute"},"schema":{"@context":"https:\/\/schema.org","@graph":[{"@type":"WebPage","@id":"https:\/\/gtf.hr\/projekti\/institucionalna-podrska\/","url":"https:\/\/gtf.hr\/projekti\/institucionalna-podrska\/","name":"Institucionalna podr\u0161ka - GTF-Inicijativa za odr\u017eivi rast","isPartOf":{"@id":"https:\/\/gtf.hr\/#website"},"primaryImageOfPage":{"@id":"https:\/\/gtf.hr\/projekti\/institucionalna-podrska\/#primaryimage"},"image":{"@id":"https:\/\/gtf.hr\/projekti\/institucionalna-podrska\/#primaryimage"},"thumbnailUrl":"http:\/\/gtf.hr\/wp-content\/uploads\/2020\/04\/nac-zaklada2.jpg","datePublished":"2020-09-01T11:11:59+00:00","dateModified":"2023-05-31T08:53:31+00:00","breadcrumb":{"@id":"https:\/\/gtf.hr\/projekti\/institucionalna-podrska\/#breadcrumb"},"inLanguage":"en-GB","potentialAction":[{"@type":"ReadAction","target":["https:\/\/gtf.hr\/projekti\/institucionalna-podrska\/"]}]},{"@type":"ImageObject","inLanguage":"en-GB","@id":"https:\/\/gtf.hr\/projekti\/institucionalna-podrska\/#primaryimage","url":"http:\/\/gtf.hr\/wp-content\/uploads\/2020\/04\/nac-zaklada2.jpg","contentUrl":"http:\/\/gtf.hr\/wp-content\/uploads\/2020\/04\/nac-zaklada2.jpg"},{"@type":"BreadcrumbList","@id":"https:\/\/gtf.hr\/projekti\/institucionalna-podrska\/#breadcrumb","itemListElement":[{"@type":"ListItem","position":1,"name":"Home","item":"https:\/\/gtf.hr\/"},{"@type":"ListItem","position":2,"name":"PROJEKTI","item":"https:\/\/gtf.hr\/projekti\/"},{"@type":"ListItem","position":3,"name":"Institucionalna podr\u0161ka"}]},{"@type":"WebSite","@id":"https:\/\/gtf.hr\/#website","url":"https:\/\/gtf.hr\/","name":"GTF-Initiative for Sustainable Growth","description":"","potentialAction":[{"@type":"SearchAction","target":{"@type":"EntryPoint","urlTemplate":"https:\/\/gtf.hr\/?s={search_term_string}"},"query-input":{"@type":"PropertyValueSpecification","valueRequired":true,"valueName":"search_term_string"}}],"inLanguage":"en-GB"}]}},"_links":{"self":[{"href":"https:\/\/gtf.hr\/en\/wp-json\/wp\/v2\/pages\/2240","targetHints":{"allow":["GET"]}}],"collection":[{"href":"https:\/\/gtf.hr\/en\/wp-json\/wp\/v2\/pages"}],"about":[{"href":"https:\/\/gtf.hr\/en\/wp-json\/wp\/v2\/types\/page"}],"author":[{"embeddable":true,"href":"https:\/\/gtf.hr\/en\/wp-json\/wp\/v2\/users\/2"}],"replies":[{"embeddable":true,"href":"https:\/\/gtf.hr\/en\/wp-json\/wp\/v2\/comments?post=2240"}],"version-history":[{"count":30,"href":"https:\/\/gtf.hr\/en\/wp-json\/wp\/v2\/pages\/2240\/revisions"}],"predecessor-version":[{"id":4191,"href":"https:\/\/gtf.hr\/en\/wp-json\/wp\/v2\/pages\/2240\/revisions\/4191"}],"up":[{"embeddable":true,"href":"https:\/\/gtf.hr\/en\/wp-json\/wp\/v2\/pages\/1172"}],"wp:attachment":[{"href":"https:\/\/gtf.hr\/en\/wp-json\/wp\/v2\/media?parent=2240"}],"curies":[{"name":"wp","href":"https:\/\/api.w.org\/{rel}","templated":true}]}}