{"id":2910,"date":"2021-12-10T09:24:04","date_gmt":"2021-12-10T08:24:04","guid":{"rendered":"http:\/\/gtf.hr\/?page_id=2910"},"modified":"2023-05-11T07:23:21","modified_gmt":"2023-05-11T06:23:21","slug":"godisnji-dogadaj","status":"publish","type":"page","link":"https:\/\/gtf.hr\/en\/godisnji-dogadaj\/","title":{"rendered":"Godi\u0161nji doga\u0111aj RAISE Youth projekta"},"content":{"rendered":"<p><\/p>\n\n\n\n<p><\/p>\n\n\n\n<p><\/p>\n\n\n\n<p><\/p>\n\n\n\n<p><\/p>\n\n\n\n<p><\/p>\n\n\n\n<p><\/p>\n\n\n\n<p><\/p>\n\n\n\n<p><\/p>\n\n\n\n<p><\/p>\n\n\n\n<p><\/p>\n\n\n\n<p><\/p>\n\n\n\n<p><\/p>\n\n\n\n<p><\/p>\n\n\n\n<p><\/p>\n\n\n\n<p><\/p>\n\n\n\n<p><\/p>\n\n\n\n<p><\/p>\n\n\n\n<p><\/p>\n\n\n\n<p><\/p>\n\n\n\n<p><\/p>\n\n\n\n<p><\/p>\n\n\n\n<p><\/p>\n\n\n\n<p><\/p>\n\n\n\n<p><\/p>\n\n\n\n<p><\/p>\n\n\n\n<p><\/p>\n\n\n\n<p><\/p>\n\n\n\n<p><\/p>\n\n\n\n<p><\/p>\n\n\n\n<p><\/p>\n\n\n\n<p><\/p>\n\n\n\n<p><\/p>\n\n\n\n<p><\/p>\n\n\n\n<p><\/p>\n\n\n\n<p><\/p>\n\n\n\n<p><\/p>\n\n\n\n<p><\/p>\n\n\n\n<p><\/p>\n\n\n\n<p><\/p>\n\n\n\n<p><\/p>\n\n\n\n<p><\/p>\n\n\n\n<p><\/p>\n\n\n\n<p><\/p>\n\n\n\n<p><\/p>\n\n\n\n<p><\/p>\n\n\n\n<p><\/p>\n\n\n\n<p><\/p>\n\n\n\n<p><\/p>\n\n\n\n<p><\/p>\n\n\n\n<p><\/p>\n\n\n\n<p><\/p>\n\n\n\n<p><\/p>\n\n\n\n<p><\/p>\n\n\n\n<p><\/p>\n\n\n\n<p><\/p>\n\n\n\n<p><\/p>\n\n\n\n<p><\/p>\n\n\n\n<p><\/p>\n\n\n\n<p><\/p>\n\n\n\n<p><\/p>\n\n\n\n<p><\/p>\n\n\n\n<figure class=\"wp-block-image size-full\"><img fetchpriority=\"high\" decoding=\"async\" width=\"883\" height=\"131\" src=\"http:\/\/gtf.hr\/wp-content\/uploads\/2021\/12\/whie.png\" alt=\"\" class=\"wp-image-2934\" srcset=\"https:\/\/gtf.hr\/wp-content\/uploads\/2021\/12\/whie.png 883w, https:\/\/gtf.hr\/wp-content\/uploads\/2021\/12\/whie-300x45.png 300w, https:\/\/gtf.hr\/wp-content\/uploads\/2021\/12\/whie-768x114.png 768w\" sizes=\"(max-width: 883px) 100vw, 883px\" \/><\/figure>\n\n\n\n<p><\/p>\n\n\n\n<p><\/p>\n\n\n\n<p><\/p>\n\n\n\n<p>U \u010detvrtak, 9. prosinca 2021., odr\u017ean je Godi\u0161nji doga\u0111aj projekta \u201e<strong>RAISE Youth \u2013 Ruralna akcija za inovativno i odr\u017eivo poduzetni\u0161tvo mladih<\/strong>\u201c u <strong>kinu \u201eKorzo\u201c u Gospi\u0107u<\/strong>.<\/p>\n\n\n\n<p>Na doga\u0111aju su predstavljene uspje\u0161ne pri\u010de dvoje mladih poduzetnika Ane Grguri\u0107 i Marka Vuleti\u0107a &nbsp;koji su se u okviru projekta RAISE Youth odlu\u010dili na pokretanje vlastitih poslova te tako postali dio jedne ozbiljne poslovne pri\u010de. Tako\u0111er je uprili\u010dena podjela zahvalnica svima onima koji su svojim sudjelovanjem pomogli uspje\u0161nom razvoju projekta.<\/p>\n\n\n\n<p>Skupu su se obratili: vi\u0161a sektorska slu\u017ebenica i kontakt za Fond za zapo\u0161ljavanje mladih <strong>Grethe Haugoy<\/strong> putem pisma, savjetnica veleposlanstva Kraljevine Norve\u0161ke u Hrvatskoj <strong>Homma Latif<\/strong>, \u017eupan Li\u010dko-senjske \u017eupanije <strong>Ernest Petry <\/strong>te zamjenica gradona\u010delnika Grada Gospi\u0107a <strong>Kristina Pr\u0161a<\/strong>.<\/p>\n\n\n\n<p>Koordinatorica projekta Mary Ann Rukavina Cipeti\u0107 predstavila je mobilnu aplikaciju \u201e<em>Explore Lika\u201c<\/em> i web trgovinu \u201e<em>Taste Lika\u201c<\/em>, Crowdsourcing platformu START.CRO, Pametnu farmu Aeroponika te najavila mogu\u0107nost produ\u017eenja projekta do 2023. godine.<\/p>\n\n\n\n<figure class=\"wp-block-image size-large\"><img decoding=\"async\" width=\"768\" height=\"1024\" src=\"http:\/\/gtf.hr\/wp-content\/uploads\/2021\/12\/IMG-20211209-WA0027-1-768x1024.jpg\" alt=\"\" class=\"wp-image-2928\" srcset=\"https:\/\/gtf.hr\/wp-content\/uploads\/2021\/12\/IMG-20211209-WA0027-1-768x1024.jpg 768w, https:\/\/gtf.hr\/wp-content\/uploads\/2021\/12\/IMG-20211209-WA0027-1-225x300.jpg 225w, https:\/\/gtf.hr\/wp-content\/uploads\/2021\/12\/IMG-20211209-WA0027-1-1152x1536.jpg 1152w, https:\/\/gtf.hr\/wp-content\/uploads\/2021\/12\/IMG-20211209-WA0027-1.jpg 1368w\" sizes=\"(max-width: 768px) 100vw, 768px\" \/><\/figure>\n\n\n\n<p>U Razvojnom centru Li\u010dko-senjske \u017eupanije u 14:30 odr\u017ean je <strong>Okrugli stol- <em>RAISE YOUTH na temu: \u201ePerspektive samo zapo\u0161ljavanja mladih na ruralnim podru\u010djima<\/em><\/strong><em>\u201c<\/em> na kojem su sudjelovali <strong>Mary Ann Rukavina Cipeti\u0107<\/strong>, ravnatelj Razvojnog Centra LS\u017d <strong>Mile Milkovi\u0107<\/strong>, voditelj Odjela za inovacijski sustav Sektora za industrijski razvoj i inovacijski sustav- HGK, Udruga Mladi Poduzetnik Hrvatska <strong>Mateo Ivanac<\/strong> i znanstvenica sa Instituta Ivo Pilar <strong>Anita Bu\u0161ljeta Tonkovi\u0107<\/strong> te projektni partneri. Na Okrugom stolu razgovaralo se o preprekama za poduzetni\u0161tvo i samozapo\u0161ljavanju ruralnih mladih, o prilikama koje bi se mogle iskoristiti i primjerima dobrih praksi. Zaklju\u010dak ovog panela je da sad kad vidimo probleme i rje\u0161enja je pravo vrijeme i mjesto za djelovati, a prije svega je potrebno mijenjati mentalitet, ulagati u inovacije i stvoriti tr\u017ei\u0161te.<\/p>\n\n\n\n<p>\u201eRAISE Youth\u201c projekt sufinanciran je kroz Fondove Kraljevine Norve\u0161ke i Europskog gospodarskog prostora (EGP). Glavni cilj projekta je doprinijeti stvaranju novih radnih mjesta za mlade u ruralnim podru\u010djima kori\u0161tenjem socijalnih inovacija. Projekt razvija inovativni model (samo)zapo\u0161ljavanja za pripadnike NEET skupine (mladi koji nisu zaposleni niti su u sustavu obrazovanja) koji se temelji na odr\u017eivoj poljoprivredi i turizmu u sinergiji s razvojem digitalnih tehnologija.<\/p>\n\n\n\n\n\n<p><\/p>","protected":false},"excerpt":{"rendered":"<p>U \u010detvrtak, 9. prosinca 2021., odr\u017ean je Godi\u0161nji doga\u0111aj projekta \u201eRAISE Youth \u2013 Ruralna akcija za inovativno i odr\u017eivo poduzetni\u0161tvo mladih\u201c u kinu \u201eKorzo\u201c u Gospi\u0107u. Na doga\u0111aju su predstavljene uspje\u0161ne pri\u010de dvoje mladih poduzetnika Ane Grguri\u0107 i Marka Vuleti\u0107a &nbsp;koji su se u okviru projekta RAISE Youth odlu\u010dili na pokretanje vlastitih poslova te tako &#8230; <a title=\"Godi\u0161nji doga\u0111aj RAISE Youth projekta\" class=\"read-more\" href=\"https:\/\/gtf.hr\/en\/godisnji-dogadaj\/\" aria-label=\"Read more about Godi\u0161nji doga\u0111aj RAISE Youth projekta\">Read more<\/a><\/p>","protected":false},"author":3,"featured_media":0,"parent":0,"menu_order":0,"comment_status":"closed","ping_status":"closed","template":"","meta":{"footnotes":""},"class_list":["post-2910","page","type-page","status-publish"],"yoast_head":"<!-- This site is optimized with the Yoast SEO plugin v27.2 - https:\/\/yoast.com\/product\/yoast-seo-wordpress\/ -->\n<title>Godi\u0161nji doga\u0111aj RAISE Youth projekta - GTF-Inicijativa za odr\u017eivi rast<\/title>\n<meta name=\"robots\" content=\"index, follow, max-snippet:-1, max-image-preview:large, max-video-preview:-1\" \/>\n<link rel=\"canonical\" href=\"https:\/\/gtf.hr\/en\/godisnji-dogadaj\/\" \/>\n<meta property=\"og:locale\" content=\"en_GB\" \/>\n<meta property=\"og:type\" content=\"article\" \/>\n<meta property=\"og:title\" content=\"Godi\u0161nji doga\u0111aj RAISE Youth projekta - GTF-Inicijativa za odr\u017eivi rast\" \/>\n<meta property=\"og:description\" content=\"U \u010detvrtak, 9. prosinca 2021., odr\u017ean je Godi\u0161nji doga\u0111aj projekta \u201eRAISE Youth \u2013 Ruralna akcija za inovativno i odr\u017eivo poduzetni\u0161tvo mladih\u201c u kinu \u201eKorzo\u201c u Gospi\u0107u. Na doga\u0111aju su predstavljene uspje\u0161ne pri\u010de dvoje mladih poduzetnika Ane Grguri\u0107 i Marka Vuleti\u0107a &nbsp;koji su se u okviru projekta RAISE Youth odlu\u010dili na pokretanje vlastitih poslova te tako ... Read more\" \/>\n<meta property=\"og:url\" content=\"https:\/\/gtf.hr\/en\/godisnji-dogadaj\/\" \/>\n<meta property=\"og:site_name\" content=\"GTF-Inicijativa za odr\u017eivi rast\" \/>\n<meta property=\"article:modified_time\" content=\"2023-05-11T06:23:21+00:00\" \/>\n<meta property=\"og:image\" content=\"http:\/\/gtf.hr\/wp-content\/uploads\/2021\/12\/whie.png\" \/>\n<meta name=\"twitter:card\" content=\"summary_large_image\" \/>\n<meta name=\"twitter:label1\" content=\"Estimated reading time\" \/>\n\t<meta name=\"twitter:data1\" content=\"3 minutes\" \/>\n<script type=\"application\/ld+json\" class=\"yoast-schema-graph\">{\"@context\":\"https:\/\/schema.org\",\"@graph\":[{\"@type\":\"WebPage\",\"@id\":\"https:\/\/gtf.hr\/godisnji-dogadaj\/\",\"url\":\"https:\/\/gtf.hr\/godisnji-dogadaj\/\",\"name\":\"Godi\u0161nji doga\u0111aj RAISE Youth projekta - GTF-Inicijativa za odr\u017eivi rast\",\"isPartOf\":{\"@id\":\"https:\/\/gtf.hr\/#website\"},\"primaryImageOfPage\":{\"@id\":\"https:\/\/gtf.hr\/godisnji-dogadaj\/#primaryimage\"},\"image\":{\"@id\":\"https:\/\/gtf.hr\/godisnji-dogadaj\/#primaryimage\"},\"thumbnailUrl\":\"http:\/\/gtf.hr\/wp-content\/uploads\/2021\/12\/whie.png\",\"datePublished\":\"2021-12-10T08:24:04+00:00\",\"dateModified\":\"2023-05-11T06:23:21+00:00\",\"breadcrumb\":{\"@id\":\"https:\/\/gtf.hr\/godisnji-dogadaj\/#breadcrumb\"},\"inLanguage\":\"en-GB\",\"potentialAction\":[{\"@type\":\"ReadAction\",\"target\":[\"https:\/\/gtf.hr\/godisnji-dogadaj\/\"]}]},{\"@type\":\"ImageObject\",\"inLanguage\":\"en-GB\",\"@id\":\"https:\/\/gtf.hr\/godisnji-dogadaj\/#primaryimage\",\"url\":\"http:\/\/gtf.hr\/wp-content\/uploads\/2021\/12\/whie.png\",\"contentUrl\":\"http:\/\/gtf.hr\/wp-content\/uploads\/2021\/12\/whie.png\"},{\"@type\":\"BreadcrumbList\",\"@id\":\"https:\/\/gtf.hr\/godisnji-dogadaj\/#breadcrumb\",\"itemListElement\":[{\"@type\":\"ListItem\",\"position\":1,\"name\":\"Home\",\"item\":\"https:\/\/gtf.hr\/\"},{\"@type\":\"ListItem\",\"position\":2,\"name\":\"Godi\u0161nji doga\u0111aj RAISE Youth projekta\"}]},{\"@type\":\"WebSite\",\"@id\":\"https:\/\/gtf.hr\/#website\",\"url\":\"https:\/\/gtf.hr\/\",\"name\":\"GTF-Inicijativa za odr\u017eivi rast\",\"description\":\"\",\"potentialAction\":[{\"@type\":\"SearchAction\",\"target\":{\"@type\":\"EntryPoint\",\"urlTemplate\":\"https:\/\/gtf.hr\/?s={search_term_string}\"},\"query-input\":{\"@type\":\"PropertyValueSpecification\",\"valueRequired\":true,\"valueName\":\"search_term_string\"}}],\"inLanguage\":\"en-GB\"}]}<\/script>\n<!-- \/ Yoast SEO plugin. -->","yoast_head_json":{"title":"Godi\u0161nji doga\u0111aj RAISE Youth projekta - GTF-Inicijativa za odr\u017eivi rast","robots":{"index":"index","follow":"follow","max-snippet":"max-snippet:-1","max-image-preview":"max-image-preview:large","max-video-preview":"max-video-preview:-1"},"canonical":"https:\/\/gtf.hr\/en\/godisnji-dogadaj\/","og_locale":"en_GB","og_type":"article","og_title":"Godi\u0161nji doga\u0111aj RAISE Youth projekta - GTF-Inicijativa za odr\u017eivi rast","og_description":"U \u010detvrtak, 9. prosinca 2021., odr\u017ean je Godi\u0161nji doga\u0111aj projekta \u201eRAISE Youth \u2013 Ruralna akcija za inovativno i odr\u017eivo poduzetni\u0161tvo mladih\u201c u kinu \u201eKorzo\u201c u Gospi\u0107u. Na doga\u0111aju su predstavljene uspje\u0161ne pri\u010de dvoje mladih poduzetnika Ane Grguri\u0107 i Marka Vuleti\u0107a &nbsp;koji su se u okviru projekta RAISE Youth odlu\u010dili na pokretanje vlastitih poslova te tako ... Read more","og_url":"https:\/\/gtf.hr\/en\/godisnji-dogadaj\/","og_site_name":"GTF-Inicijativa za odr\u017eivi rast","article_modified_time":"2023-05-11T06:23:21+00:00","og_image":[{"url":"http:\/\/gtf.hr\/wp-content\/uploads\/2021\/12\/whie.png","type":"","width":"","height":""}],"twitter_card":"summary_large_image","twitter_misc":{"Estimated reading time":"3 minutes"},"schema":{"@context":"https:\/\/schema.org","@graph":[{"@type":"WebPage","@id":"https:\/\/gtf.hr\/godisnji-dogadaj\/","url":"https:\/\/gtf.hr\/godisnji-dogadaj\/","name":"Godi\u0161nji doga\u0111aj RAISE Youth projekta - GTF-Inicijativa za odr\u017eivi rast","isPartOf":{"@id":"https:\/\/gtf.hr\/#website"},"primaryImageOfPage":{"@id":"https:\/\/gtf.hr\/godisnji-dogadaj\/#primaryimage"},"image":{"@id":"https:\/\/gtf.hr\/godisnji-dogadaj\/#primaryimage"},"thumbnailUrl":"http:\/\/gtf.hr\/wp-content\/uploads\/2021\/12\/whie.png","datePublished":"2021-12-10T08:24:04+00:00","dateModified":"2023-05-11T06:23:21+00:00","breadcrumb":{"@id":"https:\/\/gtf.hr\/godisnji-dogadaj\/#breadcrumb"},"inLanguage":"en-GB","potentialAction":[{"@type":"ReadAction","target":["https:\/\/gtf.hr\/godisnji-dogadaj\/"]}]},{"@type":"ImageObject","inLanguage":"en-GB","@id":"https:\/\/gtf.hr\/godisnji-dogadaj\/#primaryimage","url":"http:\/\/gtf.hr\/wp-content\/uploads\/2021\/12\/whie.png","contentUrl":"http:\/\/gtf.hr\/wp-content\/uploads\/2021\/12\/whie.png"},{"@type":"BreadcrumbList","@id":"https:\/\/gtf.hr\/godisnji-dogadaj\/#breadcrumb","itemListElement":[{"@type":"ListItem","position":1,"name":"Home","item":"https:\/\/gtf.hr\/"},{"@type":"ListItem","position":2,"name":"Godi\u0161nji doga\u0111aj RAISE Youth projekta"}]},{"@type":"WebSite","@id":"https:\/\/gtf.hr\/#website","url":"https:\/\/gtf.hr\/","name":"GTF-Initiative for Sustainable Growth","description":"","potentialAction":[{"@type":"SearchAction","target":{"@type":"EntryPoint","urlTemplate":"https:\/\/gtf.hr\/?s={search_term_string}"},"query-input":{"@type":"PropertyValueSpecification","valueRequired":true,"valueName":"search_term_string"}}],"inLanguage":"en-GB"}]}},"_links":{"self":[{"href":"https:\/\/gtf.hr\/en\/wp-json\/wp\/v2\/pages\/2910","targetHints":{"allow":["GET"]}}],"collection":[{"href":"https:\/\/gtf.hr\/en\/wp-json\/wp\/v2\/pages"}],"about":[{"href":"https:\/\/gtf.hr\/en\/wp-json\/wp\/v2\/types\/page"}],"author":[{"embeddable":true,"href":"https:\/\/gtf.hr\/en\/wp-json\/wp\/v2\/users\/3"}],"replies":[{"embeddable":true,"href":"https:\/\/gtf.hr\/en\/wp-json\/wp\/v2\/comments?post=2910"}],"version-history":[{"count":8,"href":"https:\/\/gtf.hr\/en\/wp-json\/wp\/v2\/pages\/2910\/revisions"}],"predecessor-version":[{"id":2935,"href":"https:\/\/gtf.hr\/en\/wp-json\/wp\/v2\/pages\/2910\/revisions\/2935"}],"wp:attachment":[{"href":"https:\/\/gtf.hr\/en\/wp-json\/wp\/v2\/media?parent=2910"}],"curies":[{"name":"wp","href":"https:\/\/api.w.org\/{rel}","templated":true}]}}