{"id":4563,"date":"2025-07-14T08:40:40","date_gmt":"2025-07-14T07:40:40","guid":{"rendered":"http:\/\/gtf.hr\/?page_id=4563"},"modified":"2025-07-14T08:40:41","modified_gmt":"2025-07-14T07:40:41","slug":"ashcycle","status":"publish","type":"page","link":"https:\/\/gtf.hr\/en\/ashcycle\/","title":{"rendered":"AshCycle"},"content":{"rendered":"<p><strong>Naziv projekta: <\/strong><em>AshCycle<\/em> &#8211; Integriranje nedovoljno iskori\u0161tenog pepela u ciklus materijala primjenom industrijsko-urbane simbioze<\/p>\n\n\n\n<p><strong>Ciljevi i inovacije projekta AshCycle<\/strong><\/p>\n\n\n\n<p>Projekt <em>AshCycle<\/em> usmjeren je na razvoj i primjenu odr\u017eivih tehnologija za iskori\u0161tavanje razli\u010ditih vrsta otpadnih pepela na razini Europe. Glavni cilj projekta je integriranje otpadnih materijala u industrijske procese, gra\u0111evinsku industriju i druge sektore kroz razvoj inovativnih i ekolo\u0161ki odgovornih rje\u0161enja.<\/p>\n\n\n\n<p>Projekt te\u017ei smanjenju ekolo\u0161kog otiska kori\u0161tenjem razli\u010ditih vrsta pepela kao vrijedne sirovine u gra\u0111evinarstvu, promi\u010du\u0107i odr\u017eivu upotrebu resursa.<\/p>\n\n\n\n<p>Me\u0111u klju\u010dnim inovacijama projekta su <strong>razvoj novih mije\u0161anih cemenata i predgotovljenih betonskih proizvoda<\/strong> s pepelom drvne biomase kao sekundarnom sirovinom. Razvojem inovativnih proizvoda, projekt <em>AshCycle<\/em> olak\u0161ava ulazak novih proizvoda na bazi pepela na tr\u017ei\u0161te, istovremeno podi\u017eu\u0107i svijest javnosti o va\u017enosti kori\u0161tenja sekundarnih resursa.<\/p>\n\n\n\n<p>GTF \u2013 Inicijativa za odr\u017eivi rast, u suradnji s Gra\u0111evinskim fakultetom Sveu\u010dili\u0161ta u Zagrebu i tvornicom Beton Lu\u010dko, postavila je primjere inovativnih AshCycle proizvoda na podru\u010dju Li\u010dko-senjske \u017eupanije. Podru\u010dnoj \u0161koli u Mu\u0161aluku donirane su betonske gredice koje se mogu koristiti za razne aktivnosti sadnje i uzgoja bilja te za uljep\u0161avanje okoli\u0161a. Primjer betonskih klupa postavljen je na SUPER-LI permakulturnom vrtu u Peru\u0161i\u0107u, a betonska vaza nalazi se u prostorima \u017dupanijske komore Oto\u010dac.<br>Svi ovi proizvodi izra\u0111eni su kori\u0161tenjem pepela drvene biomase i pokazuju kako sekundarne sirovine postaju klju\u010dni dio rje\u0161enja za odr\u017eivu gradnju, stvaraju\u0107i sinergiju izme\u0111u industrije, gradova i okoli\u0161a.<\/p>\n\n\n\n<p>Za vi\u0161e informacija posjetite stranicu HORIZON projekta <a href=\"https:\/\/www.ashcycle.eu\/en\/\">AshCycle<\/a>, koji je financiran u okviru programa Horizon Europe.<\/p>\n\n\n\n<figure class=\"wp-block-image alignwide size-large\"><img fetchpriority=\"high\" decoding=\"async\" width=\"1024\" height=\"179\" src=\"http:\/\/gtf.hr\/wp-content\/uploads\/2025\/07\/Partneri-ahs-1024x179.png\" alt=\"\" class=\"wp-image-4565\" srcset=\"https:\/\/gtf.hr\/wp-content\/uploads\/2025\/07\/Partneri-ahs-1024x179.png 1024w, https:\/\/gtf.hr\/wp-content\/uploads\/2025\/07\/Partneri-ahs-300x53.png 300w, https:\/\/gtf.hr\/wp-content\/uploads\/2025\/07\/Partneri-ahs-768x135.png 768w, https:\/\/gtf.hr\/wp-content\/uploads\/2025\/07\/Partneri-ahs-18x3.png 18w, https:\/\/gtf.hr\/wp-content\/uploads\/2025\/07\/Partneri-ahs.png 1033w\" sizes=\"(max-width: 1024px) 100vw, 1024px\" \/><\/figure>","protected":false},"excerpt":{"rendered":"<p>Naziv projekta: AshCycle &#8211; Integriranje nedovoljno iskori\u0161tenog pepela u ciklus materijala primjenom industrijsko-urbane simbioze Ciljevi i inovacije projekta AshCycle Projekt AshCycle usmjeren je na razvoj i primjenu odr\u017eivih tehnologija za iskori\u0161tavanje razli\u010ditih vrsta otpadnih pepela na razini Europe. Glavni cilj projekta je integriranje otpadnih materijala u industrijske procese, gra\u0111evinsku industriju i druge sektore kroz razvoj &#8230; <a title=\"AshCycle\" class=\"read-more\" href=\"https:\/\/gtf.hr\/en\/ashcycle\/\" aria-label=\"Read more about AshCycle\">Read more<\/a><\/p>","protected":false},"author":2,"featured_media":4564,"parent":0,"menu_order":0,"comment_status":"closed","ping_status":"closed","template":"","meta":{"footnotes":""},"class_list":["post-4563","page","type-page","status-publish","has-post-thumbnail"],"yoast_head":"<!-- This site is optimized with the Yoast SEO plugin v27.2 - https:\/\/yoast.com\/product\/yoast-seo-wordpress\/ -->\n<title>AshCycle - GTF-Inicijativa za odr\u017eivi rast<\/title>\n<meta name=\"robots\" content=\"index, follow, max-snippet:-1, max-image-preview:large, max-video-preview:-1\" \/>\n<link rel=\"canonical\" href=\"https:\/\/gtf.hr\/en\/ashcycle\/\" \/>\n<meta property=\"og:locale\" content=\"en_GB\" \/>\n<meta property=\"og:type\" content=\"article\" \/>\n<meta property=\"og:title\" content=\"AshCycle - GTF-Inicijativa za odr\u017eivi rast\" \/>\n<meta property=\"og:description\" content=\"Naziv projekta: AshCycle &#8211; Integriranje nedovoljno iskori\u0161tenog pepela u ciklus materijala primjenom industrijsko-urbane simbioze Ciljevi i inovacije projekta AshCycle Projekt AshCycle usmjeren je na razvoj i primjenu odr\u017eivih tehnologija za iskori\u0161tavanje razli\u010ditih vrsta otpadnih pepela na razini Europe. Glavni cilj projekta je integriranje otpadnih materijala u industrijske procese, gra\u0111evinsku industriju i druge sektore kroz razvoj ... Read more\" \/>\n<meta property=\"og:url\" content=\"https:\/\/gtf.hr\/en\/ashcycle\/\" \/>\n<meta property=\"og:site_name\" content=\"GTF-Inicijativa za odr\u017eivi rast\" \/>\n<meta property=\"article:modified_time\" content=\"2025-07-14T07:40:41+00:00\" \/>\n<meta property=\"og:image\" content=\"https:\/\/gtf.hr\/wp-content\/uploads\/2025\/07\/FESTIVAL-ZELENE-MASTE-u-sklopu-projekta-AshCycle-Trg-dr.-Franje-Tudmana-Klinca-Sela-Utorak-13.05.2025.-1100-\u2013-1500-PROGRAM-\ud83d\udd5a-1100-\u2013-1300-Mreza-odrzivosti-Kako-otpad-postaje-resurs-dr.-sc.-Nin-2.png\" \/>\n\t<meta property=\"og:image:width\" content=\"1640\" \/>\n\t<meta property=\"og:image:height\" content=\"924\" \/>\n\t<meta property=\"og:image:type\" content=\"image\/png\" \/>\n<meta name=\"twitter:card\" content=\"summary_large_image\" \/>\n<meta name=\"twitter:label1\" content=\"Estimated reading time\" \/>\n\t<meta name=\"twitter:data1\" content=\"2 minutes\" \/>\n<script type=\"application\/ld+json\" class=\"yoast-schema-graph\">{\"@context\":\"https:\/\/schema.org\",\"@graph\":[{\"@type\":\"WebPage\",\"@id\":\"https:\/\/gtf.hr\/ashcycle\/\",\"url\":\"https:\/\/gtf.hr\/ashcycle\/\",\"name\":\"AshCycle - GTF-Inicijativa za odr\u017eivi rast\",\"isPartOf\":{\"@id\":\"https:\/\/gtf.hr\/#website\"},\"primaryImageOfPage\":{\"@id\":\"https:\/\/gtf.hr\/ashcycle\/#primaryimage\"},\"image\":{\"@id\":\"https:\/\/gtf.hr\/ashcycle\/#primaryimage\"},\"thumbnailUrl\":\"https:\/\/gtf.hr\/wp-content\/uploads\/2025\/07\/FESTIVAL-ZELENE-MASTE-u-sklopu-projekta-AshCycle-Trg-dr.-Franje-Tudmana-Klinca-Sela-Utorak-13.05.2025.-1100-\u2013-1500-PROGRAM-\ud83d\udd5a-1100-\u2013-1300-Mreza-odrzivosti-Kako-otpad-postaje-resurs-dr.-sc.-Nin-2.png\",\"datePublished\":\"2025-07-14T07:40:40+00:00\",\"dateModified\":\"2025-07-14T07:40:41+00:00\",\"breadcrumb\":{\"@id\":\"https:\/\/gtf.hr\/ashcycle\/#breadcrumb\"},\"inLanguage\":\"en-GB\",\"potentialAction\":[{\"@type\":\"ReadAction\",\"target\":[\"https:\/\/gtf.hr\/ashcycle\/\"]}]},{\"@type\":\"ImageObject\",\"inLanguage\":\"en-GB\",\"@id\":\"https:\/\/gtf.hr\/ashcycle\/#primaryimage\",\"url\":\"https:\/\/gtf.hr\/wp-content\/uploads\/2025\/07\/FESTIVAL-ZELENE-MASTE-u-sklopu-projekta-AshCycle-Trg-dr.-Franje-Tudmana-Klinca-Sela-Utorak-13.05.2025.-1100-\u2013-1500-PROGRAM-\ud83d\udd5a-1100-\u2013-1300-Mreza-odrzivosti-Kako-otpad-postaje-resurs-dr.-sc.-Nin-2.png\",\"contentUrl\":\"https:\/\/gtf.hr\/wp-content\/uploads\/2025\/07\/FESTIVAL-ZELENE-MASTE-u-sklopu-projekta-AshCycle-Trg-dr.-Franje-Tudmana-Klinca-Sela-Utorak-13.05.2025.-1100-\u2013-1500-PROGRAM-\ud83d\udd5a-1100-\u2013-1300-Mreza-odrzivosti-Kako-otpad-postaje-resurs-dr.-sc.-Nin-2.png\",\"width\":1640,\"height\":924},{\"@type\":\"BreadcrumbList\",\"@id\":\"https:\/\/gtf.hr\/ashcycle\/#breadcrumb\",\"itemListElement\":[{\"@type\":\"ListItem\",\"position\":1,\"name\":\"Home\",\"item\":\"https:\/\/gtf.hr\/\"},{\"@type\":\"ListItem\",\"position\":2,\"name\":\"AshCycle\"}]},{\"@type\":\"WebSite\",\"@id\":\"https:\/\/gtf.hr\/#website\",\"url\":\"https:\/\/gtf.hr\/\",\"name\":\"GTF-Inicijativa za odr\u017eivi rast\",\"description\":\"\",\"potentialAction\":[{\"@type\":\"SearchAction\",\"target\":{\"@type\":\"EntryPoint\",\"urlTemplate\":\"https:\/\/gtf.hr\/?s={search_term_string}\"},\"query-input\":{\"@type\":\"PropertyValueSpecification\",\"valueRequired\":true,\"valueName\":\"search_term_string\"}}],\"inLanguage\":\"en-GB\"}]}<\/script>\n<!-- \/ Yoast SEO plugin. -->","yoast_head_json":{"title":"AshCycle - GTF-Inicijativa za odr\u017eivi rast","robots":{"index":"index","follow":"follow","max-snippet":"max-snippet:-1","max-image-preview":"max-image-preview:large","max-video-preview":"max-video-preview:-1"},"canonical":"https:\/\/gtf.hr\/en\/ashcycle\/","og_locale":"en_GB","og_type":"article","og_title":"AshCycle - GTF-Inicijativa za odr\u017eivi rast","og_description":"Naziv projekta: AshCycle &#8211; Integriranje nedovoljno iskori\u0161tenog pepela u ciklus materijala primjenom industrijsko-urbane simbioze Ciljevi i inovacije projekta AshCycle Projekt AshCycle usmjeren je na razvoj i primjenu odr\u017eivih tehnologija za iskori\u0161tavanje razli\u010ditih vrsta otpadnih pepela na razini Europe. Glavni cilj projekta je integriranje otpadnih materijala u industrijske procese, gra\u0111evinsku industriju i druge sektore kroz razvoj ... Read more","og_url":"https:\/\/gtf.hr\/en\/ashcycle\/","og_site_name":"GTF-Inicijativa za odr\u017eivi rast","article_modified_time":"2025-07-14T07:40:41+00:00","og_image":[{"width":1640,"height":924,"url":"https:\/\/gtf.hr\/wp-content\/uploads\/2025\/07\/FESTIVAL-ZELENE-MASTE-u-sklopu-projekta-AshCycle-Trg-dr.-Franje-Tudmana-Klinca-Sela-Utorak-13.05.2025.-1100-\u2013-1500-PROGRAM-\ud83d\udd5a-1100-\u2013-1300-Mreza-odrzivosti-Kako-otpad-postaje-resurs-dr.-sc.-Nin-2.png","type":"image\/png"}],"twitter_card":"summary_large_image","twitter_misc":{"Estimated reading time":"2 minutes"},"schema":{"@context":"https:\/\/schema.org","@graph":[{"@type":"WebPage","@id":"https:\/\/gtf.hr\/ashcycle\/","url":"https:\/\/gtf.hr\/ashcycle\/","name":"AshCycle - GTF-Inicijativa za odr\u017eivi rast","isPartOf":{"@id":"https:\/\/gtf.hr\/#website"},"primaryImageOfPage":{"@id":"https:\/\/gtf.hr\/ashcycle\/#primaryimage"},"image":{"@id":"https:\/\/gtf.hr\/ashcycle\/#primaryimage"},"thumbnailUrl":"https:\/\/gtf.hr\/wp-content\/uploads\/2025\/07\/FESTIVAL-ZELENE-MASTE-u-sklopu-projekta-AshCycle-Trg-dr.-Franje-Tudmana-Klinca-Sela-Utorak-13.05.2025.-1100-\u2013-1500-PROGRAM-\ud83d\udd5a-1100-\u2013-1300-Mreza-odrzivosti-Kako-otpad-postaje-resurs-dr.-sc.-Nin-2.png","datePublished":"2025-07-14T07:40:40+00:00","dateModified":"2025-07-14T07:40:41+00:00","breadcrumb":{"@id":"https:\/\/gtf.hr\/ashcycle\/#breadcrumb"},"inLanguage":"en-GB","potentialAction":[{"@type":"ReadAction","target":["https:\/\/gtf.hr\/ashcycle\/"]}]},{"@type":"ImageObject","inLanguage":"en-GB","@id":"https:\/\/gtf.hr\/ashcycle\/#primaryimage","url":"https:\/\/gtf.hr\/wp-content\/uploads\/2025\/07\/FESTIVAL-ZELENE-MASTE-u-sklopu-projekta-AshCycle-Trg-dr.-Franje-Tudmana-Klinca-Sela-Utorak-13.05.2025.-1100-\u2013-1500-PROGRAM-\ud83d\udd5a-1100-\u2013-1300-Mreza-odrzivosti-Kako-otpad-postaje-resurs-dr.-sc.-Nin-2.png","contentUrl":"https:\/\/gtf.hr\/wp-content\/uploads\/2025\/07\/FESTIVAL-ZELENE-MASTE-u-sklopu-projekta-AshCycle-Trg-dr.-Franje-Tudmana-Klinca-Sela-Utorak-13.05.2025.-1100-\u2013-1500-PROGRAM-\ud83d\udd5a-1100-\u2013-1300-Mreza-odrzivosti-Kako-otpad-postaje-resurs-dr.-sc.-Nin-2.png","width":1640,"height":924},{"@type":"BreadcrumbList","@id":"https:\/\/gtf.hr\/ashcycle\/#breadcrumb","itemListElement":[{"@type":"ListItem","position":1,"name":"Home","item":"https:\/\/gtf.hr\/"},{"@type":"ListItem","position":2,"name":"AshCycle"}]},{"@type":"WebSite","@id":"https:\/\/gtf.hr\/#website","url":"https:\/\/gtf.hr\/","name":"GTF-Initiative for Sustainable Growth","description":"","potentialAction":[{"@type":"SearchAction","target":{"@type":"EntryPoint","urlTemplate":"https:\/\/gtf.hr\/?s={search_term_string}"},"query-input":{"@type":"PropertyValueSpecification","valueRequired":true,"valueName":"search_term_string"}}],"inLanguage":"en-GB"}]}},"_links":{"self":[{"href":"https:\/\/gtf.hr\/en\/wp-json\/wp\/v2\/pages\/4563","targetHints":{"allow":["GET"]}}],"collection":[{"href":"https:\/\/gtf.hr\/en\/wp-json\/wp\/v2\/pages"}],"about":[{"href":"https:\/\/gtf.hr\/en\/wp-json\/wp\/v2\/types\/page"}],"author":[{"embeddable":true,"href":"https:\/\/gtf.hr\/en\/wp-json\/wp\/v2\/users\/2"}],"replies":[{"embeddable":true,"href":"https:\/\/gtf.hr\/en\/wp-json\/wp\/v2\/comments?post=4563"}],"version-history":[{"count":1,"href":"https:\/\/gtf.hr\/en\/wp-json\/wp\/v2\/pages\/4563\/revisions"}],"predecessor-version":[{"id":4566,"href":"https:\/\/gtf.hr\/en\/wp-json\/wp\/v2\/pages\/4563\/revisions\/4566"}],"wp:featuredmedia":[{"embeddable":true,"href":"https:\/\/gtf.hr\/en\/wp-json\/wp\/v2\/media\/4564"}],"wp:attachment":[{"href":"https:\/\/gtf.hr\/en\/wp-json\/wp\/v2\/media?parent=4563"}],"curies":[{"name":"wp","href":"https:\/\/api.w.org\/{rel}","templated":true}]}}